{"id":2507,"date":"2024-08-24T12:26:28","date_gmt":"2024-08-24T11:26:28","guid":{"rendered":"https:\/\/schuetzen-lemgo.de\/wordpress\/?page_id=2507"},"modified":"2025-12-11T10:14:06","modified_gmt":"2025-12-11T09:14:06","slug":"__trashed","status":"publish","type":"page","link":"https:\/\/schuetzen-lemgo.de\/?page_id=2507","title":{"rendered":"Thron 2018-2022"},"content":{"rendered":"\n<div class=\"alignnormal\"><div id=\"metaslider-id-2484\" style=\"width: 100%; margin: 0 auto;\" class=\"ml-slider-3-108-0 metaslider metaslider-flex metaslider-2484 ml-slider ms-theme-default nav-hidden\" role=\"region\" aria-label=\"Thron_Amtsjahre_2019\" data-height=\"264\" data-width=\"669\">\n    <div id=\"metaslider_container_2484\">\n        <div id=\"metaslider_2484\">\n            <ul class='slides'>\n                <li style=\"display: block; width: 100%;\" class=\"slide-2485 ms-image \" aria-roledescription=\"slide\" data-date=\"2024-08-24 11:50:26\" data-filename=\"Slider_Thron_Amtsjahre_2019.jpg\" data-slide-type=\"image\"><img loading=\"lazy\" decoding=\"async\" src=\"https:\/\/schuetzen-lemgo.de\/wordpress\/wp-content\/uploads\/2024\/08\/Slider_Thron_Amtsjahre_2019.jpg\" height=\"264\" width=\"669\" alt=\"Slider_Thron_Amtsjahre_2019\" class=\"slider-2484 slide-2485 msDefaultImage\" title=\"Slider_Thron_Amtsjahre_2019\" \/><\/li>\n            <\/ul>\n        <\/div>\n        \n    <\/div>\n<\/div><\/div>\n\n\n\n<p><br><\/p>\n\n\n\n<h1 class=\"wp-block-heading\">Der Thron 2018 &#8211; 2022<\/h1>\n\n\n\n<figure class=\"wp-block-image aligncenter size-full\"><img loading=\"lazy\" decoding=\"async\" width=\"629\" height=\"417\" src=\"https:\/\/schuetzen-lemgo.de\/wordpress\/wp-content\/uploads\/2024\/08\/Thron_2018-2022.jpg\" alt=\"Thron 2018-2022\" class=\"wp-image-2503\" srcset=\"https:\/\/schuetzen-lemgo.de\/wordpress\/wp-content\/uploads\/2024\/08\/Thron_2018-2022.jpg 629w, https:\/\/schuetzen-lemgo.de\/wordpress\/wp-content\/uploads\/2024\/08\/Thron_2018-2022-300x199.jpg 300w\" sizes=\"auto, (max-width: 629px) 100vw, 629px\" \/><\/figure>\n\n\n\n<p><br><\/p>\n\n\n\n<div class=\"wp-block-columns is-layout-flex wp-container-core-columns-is-layout-28f84493 wp-block-columns-is-layout-flex\">\n<div class=\"wp-block-column is-layout-flow wp-block-column-is-layout-flow\" style=\"flex-basis:33.33%\">\n<p><strong>K\u00f6nig<\/strong><\/p>\n<\/div>\n\n\n\n<div class=\"wp-block-column is-layout-flow wp-block-column-is-layout-flow\" style=\"flex-basis:66.66%\">\n<p>Daniel Becker<\/p>\n<\/div>\n<\/div>\n\n\n\n<p><br><\/p>\n\n\n\n<div class=\"wp-block-columns is-layout-flex wp-container-core-columns-is-layout-28f84493 wp-block-columns-is-layout-flex\">\n<div class=\"wp-block-column is-layout-flow wp-block-column-is-layout-flow\" style=\"flex-basis:33.33%\">\n<p><strong>K\u00f6nigin<\/strong><\/p>\n<\/div>\n\n\n\n<div class=\"wp-block-column is-layout-flow wp-block-column-is-layout-flow\" style=\"flex-basis:66.66%\">\n<p>Franziska Sauerl\u00e4nder<\/p>\n<\/div>\n<\/div>\n\n\n\n<p><br><\/p>\n\n\n\n<div class=\"wp-block-columns is-layout-flex wp-container-core-columns-is-layout-28f84493 wp-block-columns-is-layout-flex\">\n<div class=\"wp-block-column is-layout-flow wp-block-column-is-layout-flow\" style=\"flex-basis:33.33%\">\n<p><strong>Thronoffiziere<\/strong><\/p>\n<\/div>\n\n\n\n<div class=\"wp-block-column is-layout-flow wp-block-column-is-layout-flow\" style=\"flex-basis:66.66%\">\n<p>Pavlos Poursanidis<br>K.-Ulrich Louis<br>Jochen K\u00f6ster<br>Dominik B\u00e4umer<br>Raphael Meyer<br>Felix Nullmeier<\/p>\n<\/div>\n<\/div>\n\n\n\n<p><br><\/p>\n\n\n\n<div class=\"wp-block-columns is-layout-flex wp-container-core-columns-is-layout-28f84493 wp-block-columns-is-layout-flex\">\n<div class=\"wp-block-column is-layout-flow wp-block-column-is-layout-flow\" style=\"flex-basis:33.33%\">\n<p><strong>Throndamen<\/strong><\/p>\n<\/div>\n\n\n\n<div class=\"wp-block-column is-layout-flow wp-block-column-is-layout-flow\" style=\"flex-basis:66.66%\">\n<p>Marina Feiert<br>Iris Becker<br>Carla Emmerich<br>Vanessa Beckmann<br>Christin G\u00f6rtler<br>Mareike Neumann<\/p>\n<\/div>\n<\/div>\n\n\n\n<p><br><\/p>\n\n\n\n<div class=\"wp-block-columns is-layout-flex wp-container-core-columns-is-layout-28f84493 wp-block-columns-is-layout-flex\">\n<div class=\"wp-block-column is-layout-flow wp-block-column-is-layout-flow\" style=\"flex-basis:33.33%\">\n<p><strong>Jugendmajest\u00e4ten<\/strong><\/p>\n<\/div>\n\n\n\n<div class=\"wp-block-column is-layout-flow wp-block-column-is-layout-flow\" style=\"flex-basis:66.66%\">\n<p>Lea Fabienne Forman<br>Sven Wehmeier<\/p>\n<\/div>\n<\/div>\n\n\n\n<p><br><\/p>\n\n\n\n<div class=\"wp-block-columns is-layout-flex wp-container-core-columns-is-layout-28f84493 wp-block-columns-is-layout-flex\">\n<div class=\"wp-block-column is-layout-flow wp-block-column-is-layout-flow\" style=\"flex-basis:33.33%\">\n<p><strong>K\u00f6nigsoffiziere<\/strong><\/p>\n<\/div>\n\n\n\n<div class=\"wp-block-column is-layout-flow wp-block-column-is-layout-flow\" style=\"flex-basis:66.66%\">\n<p>Stefan Steinmeier<br>Torsten Thomae-Krause<\/p>\n<\/div>\n<\/div>\n\n\n\n<p><\/p>\n","protected":false},"excerpt":{"rendered":"<p>Der Thron 2018 &#8211; 2022 K\u00f6nig Daniel Becker K\u00f6nigin Franziska Sauerl\u00e4nder Thronoffiziere Pavlos PoursanidisK.-Ulrich LouisJochen K\u00f6sterDominik B\u00e4umerRaphael MeyerFelix Nullmeier Throndamen Marina FeiertIris BeckerCarla EmmerichVanessa BeckmannChristin G\u00f6rtlerMareike Neumann Jugendmajest\u00e4ten Lea Fabienne FormanSven Wehmeier K\u00f6nigsoffiziere Stefan SteinmeierTorsten Thomae-Krause<\/p>\n","protected":false},"author":1,"featured_media":1899,"parent":0,"menu_order":0,"comment_status":"closed","ping_status":"closed","template":"","meta":{"site-sidebar-layout":"default","site-content-layout":"","ast-site-content-layout":"default","site-content-style":"default","site-sidebar-style":"default","ast-global-header-display":"","ast-banner-title-visibility":"","ast-main-header-display":"","ast-hfb-above-header-display":"","ast-hfb-below-header-display":"","ast-hfb-mobile-header-display":"","site-post-title":"disabled","ast-breadcrumbs-content":"","ast-featured-img":"","footer-sml-layout":"","ast-disable-related-posts":"","theme-transparent-header-meta":"","adv-header-id-meta":"","stick-header-meta":"","header-above-stick-meta":"","header-main-stick-meta":"","header-below-stick-meta":"","astra-migrate-meta-layouts":"set","ast-page-background-enabled":"default","ast-page-background-meta":{"desktop":{"background-color":"var(--ast-global-color-4)","background-image":"","background-repeat":"repeat","background-position":"center center","background-size":"auto","background-attachment":"scroll","background-type":"","background-media":"","overlay-type":"","overlay-color":"","overlay-opacity":"","overlay-gradient":""},"tablet":{"background-color":"","background-image":"","background-repeat":"repeat","background-position":"center center","background-size":"auto","background-attachment":"scroll","background-type":"","background-media":"","overlay-type":"","overlay-color":"","overlay-opacity":"","overlay-gradient":""},"mobile":{"background-color":"","background-image":"","background-repeat":"repeat","background-position":"center center","background-size":"auto","background-attachment":"scroll","background-type":"","background-media":"","overlay-type":"","overlay-color":"","overlay-opacity":"","overlay-gradient":""}},"ast-content-background-meta":{"desktop":{"background-color":"var(--ast-global-color-5)","background-image":"","background-repeat":"repeat","background-position":"center center","background-size":"auto","background-attachment":"scroll","background-type":"","background-media":"","overlay-type":"","overlay-color":"","overlay-opacity":"","overlay-gradient":""},"tablet":{"background-color":"var(--ast-global-color-5)","background-image":"","background-repeat":"repeat","background-position":"center center","background-size":"auto","background-attachment":"scroll","background-type":"","background-media":"","overlay-type":"","overlay-color":"","overlay-opacity":"","overlay-gradient":""},"mobile":{"background-color":"var(--ast-global-color-5)","background-image":"","background-repeat":"repeat","background-position":"center center","background-size":"auto","background-attachment":"scroll","background-type":"","background-media":"","overlay-type":"","overlay-color":"","overlay-opacity":"","overlay-gradient":""}},"footnotes":""},"class_list":["post-2507","page","type-page","status-publish","has-post-thumbnail","hentry"],"yoast_head":"<!-- This site is optimized with the Yoast SEO plugin v27.5 - https:\/\/yoast.com\/product\/yoast-seo-wordpress\/ -->\n<title>Thron 2018-2022 - Lemgoer Sch\u00fctzengesellschaft von 1575 e.V.<\/title>\n<meta name=\"description\" content=\"Hier abgebildet mit Namen sind die Majest\u00e4ten und der Thron der Lemgoer Sch\u00fctzengesellschaft f\u00fcr das Sch\u00fctzenjahr 2018-2022.\" \/>\n<meta name=\"robots\" content=\"index, follow, max-snippet:-1, max-image-preview:large, max-video-preview:-1\" \/>\n<link rel=\"canonical\" href=\"https:\/\/schuetzen-lemgo.de\/?page_id=2507\" \/>\n<meta property=\"og:locale\" content=\"de_DE\" \/>\n<meta property=\"og:type\" content=\"article\" \/>\n<meta property=\"og:title\" content=\"Thron 2018-2022 - Lemgoer Sch\u00fctzengesellschaft von 1575 e.V.\" \/>\n<meta property=\"og:description\" content=\"Hier abgebildet mit Namen sind die Majest\u00e4ten und der Thron der Lemgoer Sch\u00fctzengesellschaft f\u00fcr das Sch\u00fctzenjahr 2018-2022.\" \/>\n<meta property=\"og:url\" content=\"https:\/\/schuetzen-lemgo.de\/?page_id=2507\" \/>\n<meta property=\"og:site_name\" content=\"Lemgoer Sch\u00fctzengesellschaft von 1575 e.V.\" \/>\n<meta property=\"article:publisher\" content=\"https:\/\/www.facebook.com\/SchuetzenLemgo\" \/>\n<meta property=\"article:modified_time\" content=\"2025-12-11T09:14:06+00:00\" \/>\n<meta property=\"og:image\" content=\"https:\/\/schuetzen-lemgo.de\/wordpress\/wp-content\/uploads\/2024\/08\/Logo-300-DPI_Transparent_Quadrat.png\" \/>\n\t<meta property=\"og:image:width\" content=\"524\" \/>\n\t<meta property=\"og:image:height\" content=\"524\" \/>\n\t<meta property=\"og:image:type\" content=\"image\/png\" \/>\n<meta name=\"twitter:card\" content=\"summary_large_image\" \/>\n<meta name=\"twitter:label1\" content=\"Gesch\u00e4tzte Lesezeit\" \/>\n\t<meta name=\"twitter:data1\" content=\"1\u00a0Minute\" \/>\n<script type=\"application\/ld+json\" class=\"yoast-schema-graph\">{\"@context\":\"https:\\\/\\\/schema.org\",\"@graph\":[{\"@type\":\"WebPage\",\"@id\":\"https:\\\/\\\/schuetzen-lemgo.de\\\/?page_id=2507\",\"url\":\"https:\\\/\\\/schuetzen-lemgo.de\\\/?page_id=2507\",\"name\":\"Thron 2018-2022 - Lemgoer Sch\u00fctzengesellschaft von 1575 e.V.\",\"isPartOf\":{\"@id\":\"https:\\\/\\\/schuetzen-lemgo.de\\\/#website\"},\"primaryImageOfPage\":{\"@id\":\"https:\\\/\\\/schuetzen-lemgo.de\\\/?page_id=2507#primaryimage\"},\"image\":{\"@id\":\"https:\\\/\\\/schuetzen-lemgo.de\\\/?page_id=2507#primaryimage\"},\"thumbnailUrl\":\"https:\\\/\\\/schuetzen-lemgo.de\\\/wordpress\\\/wp-content\\\/uploads\\\/2024\\\/08\\\/Logo-300-DPI_Transparent_Quadrat.png\",\"datePublished\":\"2024-08-24T11:26:28+00:00\",\"dateModified\":\"2025-12-11T09:14:06+00:00\",\"description\":\"Hier abgebildet mit Namen sind die Majest\u00e4ten und der Thron der Lemgoer Sch\u00fctzengesellschaft f\u00fcr das Sch\u00fctzenjahr 2018-2022.\",\"breadcrumb\":{\"@id\":\"https:\\\/\\\/schuetzen-lemgo.de\\\/?page_id=2507#breadcrumb\"},\"inLanguage\":\"de\",\"potentialAction\":[{\"@type\":\"ReadAction\",\"target\":[\"https:\\\/\\\/schuetzen-lemgo.de\\\/?page_id=2507\"]}]},{\"@type\":\"ImageObject\",\"inLanguage\":\"de\",\"@id\":\"https:\\\/\\\/schuetzen-lemgo.de\\\/?page_id=2507#primaryimage\",\"url\":\"https:\\\/\\\/schuetzen-lemgo.de\\\/wordpress\\\/wp-content\\\/uploads\\\/2024\\\/08\\\/Logo-300-DPI_Transparent_Quadrat.png\",\"contentUrl\":\"https:\\\/\\\/schuetzen-lemgo.de\\\/wordpress\\\/wp-content\\\/uploads\\\/2024\\\/08\\\/Logo-300-DPI_Transparent_Quadrat.png\",\"width\":524,\"height\":524},{\"@type\":\"BreadcrumbList\",\"@id\":\"https:\\\/\\\/schuetzen-lemgo.de\\\/?page_id=2507#breadcrumb\",\"itemListElement\":[{\"@type\":\"ListItem\",\"position\":1,\"name\":\"Startseite\",\"item\":\"https:\\\/\\\/schuetzen-lemgo.de\\\/\"},{\"@type\":\"ListItem\",\"position\":2,\"name\":\"Thron 2018-2022\"}]},{\"@type\":\"WebSite\",\"@id\":\"https:\\\/\\\/schuetzen-lemgo.de\\\/#website\",\"url\":\"https:\\\/\\\/schuetzen-lemgo.de\\\/\",\"name\":\"Lemgoer Sch\u00fctzengesellschaft von 1575 e.V.\",\"description\":\"Finden Sie wichtige Termine und weitere Informationen zu unserem Verein\",\"publisher\":{\"@id\":\"https:\\\/\\\/schuetzen-lemgo.de\\\/#organization\"},\"potentialAction\":[{\"@type\":\"SearchAction\",\"target\":{\"@type\":\"EntryPoint\",\"urlTemplate\":\"https:\\\/\\\/schuetzen-lemgo.de\\\/?s={search_term_string}\"},\"query-input\":{\"@type\":\"PropertyValueSpecification\",\"valueRequired\":true,\"valueName\":\"search_term_string\"}}],\"inLanguage\":\"de\"},{\"@type\":\"Organization\",\"@id\":\"https:\\\/\\\/schuetzen-lemgo.de\\\/#organization\",\"name\":\"Lemgoer Sch\u00fctzengesellschaft von 1575 e.V.\",\"url\":\"https:\\\/\\\/schuetzen-lemgo.de\\\/\",\"logo\":{\"@type\":\"ImageObject\",\"inLanguage\":\"de\",\"@id\":\"https:\\\/\\\/schuetzen-lemgo.de\\\/#\\\/schema\\\/logo\\\/image\\\/\",\"url\":\"https:\\\/\\\/schuetzen-lemgo.de\\\/wordpress\\\/wp-content\\\/uploads\\\/2024\\\/08\\\/Logo-mit-Text-Schuetzengesellschaft-300-DPI_Transparent.png\",\"contentUrl\":\"https:\\\/\\\/schuetzen-lemgo.de\\\/wordpress\\\/wp-content\\\/uploads\\\/2024\\\/08\\\/Logo-mit-Text-Schuetzengesellschaft-300-DPI_Transparent.png\",\"width\":1654,\"height\":558,\"caption\":\"Lemgoer Sch\u00fctzengesellschaft von 1575 e.V.\"},\"image\":{\"@id\":\"https:\\\/\\\/schuetzen-lemgo.de\\\/#\\\/schema\\\/logo\\\/image\\\/\"},\"sameAs\":[\"https:\\\/\\\/www.facebook.com\\\/SchuetzenLemgo\"]}]}<\/script>\n<!-- \/ Yoast SEO plugin. -->","yoast_head_json":{"title":"Thron 2018-2022 - Lemgoer Sch\u00fctzengesellschaft von 1575 e.V.","description":"Hier abgebildet mit Namen sind die Majest\u00e4ten und der Thron der Lemgoer Sch\u00fctzengesellschaft f\u00fcr das Sch\u00fctzenjahr 2018-2022.","robots":{"index":"index","follow":"follow","max-snippet":"max-snippet:-1","max-image-preview":"max-image-preview:large","max-video-preview":"max-video-preview:-1"},"canonical":"https:\/\/schuetzen-lemgo.de\/?page_id=2507","og_locale":"de_DE","og_type":"article","og_title":"Thron 2018-2022 - Lemgoer Sch\u00fctzengesellschaft von 1575 e.V.","og_description":"Hier abgebildet mit Namen sind die Majest\u00e4ten und der Thron der Lemgoer Sch\u00fctzengesellschaft f\u00fcr das Sch\u00fctzenjahr 2018-2022.","og_url":"https:\/\/schuetzen-lemgo.de\/?page_id=2507","og_site_name":"Lemgoer Sch\u00fctzengesellschaft von 1575 e.V.","article_publisher":"https:\/\/www.facebook.com\/SchuetzenLemgo","article_modified_time":"2025-12-11T09:14:06+00:00","og_image":[{"width":524,"height":524,"url":"https:\/\/schuetzen-lemgo.de\/wordpress\/wp-content\/uploads\/2024\/08\/Logo-300-DPI_Transparent_Quadrat.png","type":"image\/png"}],"twitter_card":"summary_large_image","twitter_misc":{"Gesch\u00e4tzte Lesezeit":"1\u00a0Minute"},"schema":{"@context":"https:\/\/schema.org","@graph":[{"@type":"WebPage","@id":"https:\/\/schuetzen-lemgo.de\/?page_id=2507","url":"https:\/\/schuetzen-lemgo.de\/?page_id=2507","name":"Thron 2018-2022 - Lemgoer Sch\u00fctzengesellschaft von 1575 e.V.","isPartOf":{"@id":"https:\/\/schuetzen-lemgo.de\/#website"},"primaryImageOfPage":{"@id":"https:\/\/schuetzen-lemgo.de\/?page_id=2507#primaryimage"},"image":{"@id":"https:\/\/schuetzen-lemgo.de\/?page_id=2507#primaryimage"},"thumbnailUrl":"https:\/\/schuetzen-lemgo.de\/wordpress\/wp-content\/uploads\/2024\/08\/Logo-300-DPI_Transparent_Quadrat.png","datePublished":"2024-08-24T11:26:28+00:00","dateModified":"2025-12-11T09:14:06+00:00","description":"Hier abgebildet mit Namen sind die Majest\u00e4ten und der Thron der Lemgoer Sch\u00fctzengesellschaft f\u00fcr das Sch\u00fctzenjahr 2018-2022.","breadcrumb":{"@id":"https:\/\/schuetzen-lemgo.de\/?page_id=2507#breadcrumb"},"inLanguage":"de","potentialAction":[{"@type":"ReadAction","target":["https:\/\/schuetzen-lemgo.de\/?page_id=2507"]}]},{"@type":"ImageObject","inLanguage":"de","@id":"https:\/\/schuetzen-lemgo.de\/?page_id=2507#primaryimage","url":"https:\/\/schuetzen-lemgo.de\/wordpress\/wp-content\/uploads\/2024\/08\/Logo-300-DPI_Transparent_Quadrat.png","contentUrl":"https:\/\/schuetzen-lemgo.de\/wordpress\/wp-content\/uploads\/2024\/08\/Logo-300-DPI_Transparent_Quadrat.png","width":524,"height":524},{"@type":"BreadcrumbList","@id":"https:\/\/schuetzen-lemgo.de\/?page_id=2507#breadcrumb","itemListElement":[{"@type":"ListItem","position":1,"name":"Startseite","item":"https:\/\/schuetzen-lemgo.de\/"},{"@type":"ListItem","position":2,"name":"Thron 2018-2022"}]},{"@type":"WebSite","@id":"https:\/\/schuetzen-lemgo.de\/#website","url":"https:\/\/schuetzen-lemgo.de\/","name":"Lemgoer Sch\u00fctzengesellschaft von 1575 e.V.","description":"Finden Sie wichtige Termine und weitere Informationen zu unserem Verein","publisher":{"@id":"https:\/\/schuetzen-lemgo.de\/#organization"},"potentialAction":[{"@type":"SearchAction","target":{"@type":"EntryPoint","urlTemplate":"https:\/\/schuetzen-lemgo.de\/?s={search_term_string}"},"query-input":{"@type":"PropertyValueSpecification","valueRequired":true,"valueName":"search_term_string"}}],"inLanguage":"de"},{"@type":"Organization","@id":"https:\/\/schuetzen-lemgo.de\/#organization","name":"Lemgoer Sch\u00fctzengesellschaft von 1575 e.V.","url":"https:\/\/schuetzen-lemgo.de\/","logo":{"@type":"ImageObject","inLanguage":"de","@id":"https:\/\/schuetzen-lemgo.de\/#\/schema\/logo\/image\/","url":"https:\/\/schuetzen-lemgo.de\/wordpress\/wp-content\/uploads\/2024\/08\/Logo-mit-Text-Schuetzengesellschaft-300-DPI_Transparent.png","contentUrl":"https:\/\/schuetzen-lemgo.de\/wordpress\/wp-content\/uploads\/2024\/08\/Logo-mit-Text-Schuetzengesellschaft-300-DPI_Transparent.png","width":1654,"height":558,"caption":"Lemgoer Sch\u00fctzengesellschaft von 1575 e.V."},"image":{"@id":"https:\/\/schuetzen-lemgo.de\/#\/schema\/logo\/image\/"},"sameAs":["https:\/\/www.facebook.com\/SchuetzenLemgo"]}]}},"_links":{"self":[{"href":"https:\/\/schuetzen-lemgo.de\/index.php?rest_route=\/wp\/v2\/pages\/2507","targetHints":{"allow":["GET"]}}],"collection":[{"href":"https:\/\/schuetzen-lemgo.de\/index.php?rest_route=\/wp\/v2\/pages"}],"about":[{"href":"https:\/\/schuetzen-lemgo.de\/index.php?rest_route=\/wp\/v2\/types\/page"}],"author":[{"embeddable":true,"href":"https:\/\/schuetzen-lemgo.de\/index.php?rest_route=\/wp\/v2\/users\/1"}],"replies":[{"embeddable":true,"href":"https:\/\/schuetzen-lemgo.de\/index.php?rest_route=%2Fwp%2Fv2%2Fcomments&post=2507"}],"version-history":[{"count":4,"href":"https:\/\/schuetzen-lemgo.de\/index.php?rest_route=\/wp\/v2\/pages\/2507\/revisions"}],"predecessor-version":[{"id":2711,"href":"https:\/\/schuetzen-lemgo.de\/index.php?rest_route=\/wp\/v2\/pages\/2507\/revisions\/2711"}],"wp:featuredmedia":[{"embeddable":true,"href":"https:\/\/schuetzen-lemgo.de\/index.php?rest_route=\/wp\/v2\/media\/1899"}],"wp:attachment":[{"href":"https:\/\/schuetzen-lemgo.de\/index.php?rest_route=%2Fwp%2Fv2%2Fmedia&parent=2507"}],"curies":[{"name":"wp","href":"https:\/\/api.w.org\/{rel}","templated":true}]}}